{"id":3033,"date":"2025-08-05T18:53:23","date_gmt":"2025-08-05T18:53:23","guid":{"rendered":"https:\/\/ferme-empereur.fr\/?page_id=3033"},"modified":"2026-01-28T16:39:17","modified_gmt":"2026-01-28T15:39:17","slug":"accueil","status":"publish","type":"page","link":"https:\/\/ferme-empereur.fr\/en\/","title":{"rendered":"The Emperor&#039;s Farm \u2013 Live a unique experience in Ramatuelle"},"content":{"rendered":"<div class=\"wp-block-uagb-container uagb-block-edd00550 alignfull uagb-is-root-container\"><div class=\"uagb-container-inner-blocks-wrap\">\n<div class=\"wp-block-uagb-advanced-heading uagb-block-969fd889\"><h1 class=\"uagb-heading-text\">Welcome to La Ferme de l'Empereur<\/h1><\/div>\n\n\n\n<header class=\"wp-block-uagb-advanced-heading uagb-block-3945de3c\"><h2 class=\"uagb-heading-text\">For a charming stay in Ramatuelle<\/h2><\/header>\n<\/div><\/div>\n\n\n\n<div class=\"wp-block-uagb-container uagb-block-3e603502 alignfull uagb-is-root-container\"><div class=\"uagb-container-inner-blocks-wrap\">\n<div class=\"wp-block-uagb-buttons uagb-buttons__outer-wrap uagb-btn__default-btn uagb-btn-tablet__default-btn uagb-btn-mobile__default-btn uagb-block-2779ef49\"><div class=\"uagb-buttons__wrap uagb-buttons-layout-wrap\">\n<div class=\"wp-block-uagb-buttons-child uagb-buttons__outer-wrap uagb-block-e2af1906 wp-block-button\"><div class=\"uagb-button__wrapper\"><a class=\"uagb-buttons-repeater wp-block-button__link\" aria-label=\"\" href=\"\/en\/nos-appartements\/\" rel=\"follow noopener\" target=\"_self\" role=\"button\"><div class=\"uagb-button__link\">Our Apartments<\/div><\/a><\/div><\/div>\n<\/div><\/div>\n<\/div><\/div>\n\n\n\n<div class=\"wp-block-uagb-container uagb-block-ddacbc60 alignfull uagb-is-root-container\">\t\t\t\t\t<div\n\t\t\t\t\t\tclass=\"wp-block-uagb-image-gallery uagb-block-52d34cb6\"\n\t\t\t\t\t\tstyle=\"\"\n\t\t\t\t\t>\n\t\t\t\t\t\t\t\t\t\t\t<div class=\"spectra-image-gallery spectra-image-gallery__layout--masonry spectra-image-gallery__layout--masonry-col-5 spectra-image-gallery__layout--masonry-col-tab-5 spectra-image-gallery__layout--masonry-col-mob-2\">\n\t\t\t\t\t\t\t\t\t\t\t<div class='spectra-image-gallery__media-wrapper--isotope'>\n\t\t\t\t\t\t\t<div class='spectra-image-gallery__media-wrapper' data-spectra-gallery-image-id='2995' tabindex=\"0\">\n\t\t\t\t\t\t\t<div class=\"spectra-image-gallery__media spectra-image-gallery__media--masonry\">\n\t\t\t\t<picture>\n\t\t\t\t\t<source media=\"(min-width: 1024px)\" srcset=\"https:\/\/ferme-empereur.fr\/wp-content\/uploads\/2025\/08\/Saint-Tropez-5758-scaled.jpg\">\n\t\t\t\t\t<source media=\"(min-width: 768px)\" srcset=\"https:\/\/ferme-empereur.fr\/wp-content\/uploads\/2025\/08\/Saint-Tropez-5758-scaled.jpg\">\n\t\t\t\t\t<img decoding=\"async\" class=\"spectra-image-gallery__media-thumbnail spectra-image-gallery__media-thumbnail--masonry\" src=\"https:\/\/ferme-empereur.fr\/wp-content\/uploads\/2025\/08\/Saint-Tropez-5758-scaled.jpg\" alt=\"Clocher du village de Ramatuelle sous un ciel bleu\" \/>\n\t\t\t\t<\/picture>\n\t\t\t\t<div class=\"spectra-image-gallery__media-thumbnail-blurrer\"><\/div>\n\t\t\t\t\t\t\t\t\t\t\t<div class=\"spectra-image-gallery__media-thumbnail-caption-wrapper spectra-image-gallery__media-thumbnail-caption-wrapper--overlay\"><\/div>\n\t\t\t\t\t\t\t\t<\/div>\n\t\t\t\t\t\t<\/div>\n\t\t\t\t\t\t<\/div>\n\t\t\t\t\t\t<div class='spectra-image-gallery__media-wrapper--isotope'>\n\t\t\t\t\t\t\t<div class='spectra-image-gallery__media-wrapper' data-spectra-gallery-image-id='3006' tabindex=\"0\">\n\t\t\t\t\t\t\t<div class=\"spectra-image-gallery__media spectra-image-gallery__media--masonry\">\n\t\t\t\t<picture>\n\t\t\t\t\t<source media=\"(min-width: 1024px)\" srcset=\"https:\/\/ferme-empereur.fr\/wp-content\/uploads\/2025\/08\/Saint-Tropez-6078-scaled.jpg\">\n\t\t\t\t\t<source media=\"(min-width: 768px)\" srcset=\"https:\/\/ferme-empereur.fr\/wp-content\/uploads\/2025\/08\/Saint-Tropez-6078-scaled.jpg\">\n\t\t\t\t\t<img decoding=\"async\" class=\"spectra-image-gallery__media-thumbnail spectra-image-gallery__media-thumbnail--masonry\" src=\"https:\/\/ferme-empereur.fr\/wp-content\/uploads\/2025\/08\/Saint-Tropez-6078-scaled.jpg\" alt=\"Voilier naviguant en mer M\u00e9diterran\u00e9e au large de Ramatuelle\" \/>\n\t\t\t\t<\/picture>\n\t\t\t\t<div class=\"spectra-image-gallery__media-thumbnail-blurrer\"><\/div>\n\t\t\t\t\t\t\t\t\t\t\t<div class=\"spectra-image-gallery__media-thumbnail-caption-wrapper spectra-image-gallery__media-thumbnail-caption-wrapper--overlay\"><\/div>\n\t\t\t\t\t\t\t\t<\/div>\n\t\t\t\t\t\t<\/div>\n\t\t\t\t\t\t<\/div>\n\t\t\t\t\t\t<div class='spectra-image-gallery__media-wrapper--isotope'>\n\t\t\t\t\t\t\t<div class='spectra-image-gallery__media-wrapper' data-spectra-gallery-image-id='3002' tabindex=\"0\">\n\t\t\t\t\t\t\t<div class=\"spectra-image-gallery__media spectra-image-gallery__media--masonry\">\n\t\t\t\t<picture>\n\t\t\t\t\t<source media=\"(min-width: 1024px)\" srcset=\"https:\/\/ferme-empereur.fr\/wp-content\/uploads\/2025\/08\/Saint-Tropez-6062-scaled.jpg\">\n\t\t\t\t\t<source media=\"(min-width: 768px)\" srcset=\"https:\/\/ferme-empereur.fr\/wp-content\/uploads\/2025\/08\/Saint-Tropez-6062-scaled.jpg\">\n\t\t\t\t\t<img decoding=\"async\" class=\"spectra-image-gallery__media-thumbnail spectra-image-gallery__media-thumbnail--masonry\" src=\"https:\/\/ferme-empereur.fr\/wp-content\/uploads\/2025\/08\/Saint-Tropez-6062-scaled.jpg\" alt=\"Fleurs sauvages color\u00e9es du littoral m\u00e9diterran\u00e9en \u00e0 Ramatuelle\" \/>\n\t\t\t\t<\/picture>\n\t\t\t\t<div class=\"spectra-image-gallery__media-thumbnail-blurrer\"><\/div>\n\t\t\t\t\t\t\t\t\t\t\t<div class=\"spectra-image-gallery__media-thumbnail-caption-wrapper spectra-image-gallery__media-thumbnail-caption-wrapper--overlay\"><\/div>\n\t\t\t\t\t\t\t\t<\/div>\n\t\t\t\t\t\t<\/div>\n\t\t\t\t\t\t<\/div>\n\t\t\t\t\t\t<div class='spectra-image-gallery__media-wrapper--isotope'>\n\t\t\t\t\t\t\t<div class='spectra-image-gallery__media-wrapper' data-spectra-gallery-image-id='2996' tabindex=\"0\">\n\t\t\t\t\t\t\t<div class=\"spectra-image-gallery__media spectra-image-gallery__media--masonry\">\n\t\t\t\t<picture>\n\t\t\t\t\t<source media=\"(min-width: 1024px)\" srcset=\"https:\/\/ferme-empereur.fr\/wp-content\/uploads\/2025\/08\/Saint-Tropez-5795-scaled.jpg\">\n\t\t\t\t\t<source media=\"(min-width: 768px)\" srcset=\"https:\/\/ferme-empereur.fr\/wp-content\/uploads\/2025\/08\/Saint-Tropez-5795-scaled.jpg\">\n\t\t\t\t\t<img decoding=\"async\" class=\"spectra-image-gallery__media-thumbnail spectra-image-gallery__media-thumbnail--masonry\" src=\"https:\/\/ferme-empereur.fr\/wp-content\/uploads\/2025\/08\/Saint-Tropez-5795-scaled.jpg\" alt=\"Clocher embl\u00e9matique de Saint-Tropez vu depuis les toits du village\" \/>\n\t\t\t\t<\/picture>\n\t\t\t\t<div class=\"spectra-image-gallery__media-thumbnail-blurrer\"><\/div>\n\t\t\t\t\t\t\t\t\t\t\t<div class=\"spectra-image-gallery__media-thumbnail-caption-wrapper spectra-image-gallery__media-thumbnail-caption-wrapper--overlay\"><\/div>\n\t\t\t\t\t\t\t\t<\/div>\n\t\t\t\t\t\t<\/div>\n\t\t\t\t\t\t<\/div>\n\t\t\t\t\t\t<div class='spectra-image-gallery__media-wrapper--isotope'>\n\t\t\t\t\t\t\t<div class='spectra-image-gallery__media-wrapper' data-spectra-gallery-image-id='2994' tabindex=\"0\">\n\t\t\t\t\t\t\t<div class=\"spectra-image-gallery__media spectra-image-gallery__media--masonry\">\n\t\t\t\t<picture>\n\t\t\t\t\t<source media=\"(min-width: 1024px)\" srcset=\"https:\/\/ferme-empereur.fr\/wp-content\/uploads\/2025\/08\/Saint-Tropez-5744-scaled.jpg\">\n\t\t\t\t\t<source media=\"(min-width: 768px)\" srcset=\"https:\/\/ferme-empereur.fr\/wp-content\/uploads\/2025\/08\/Saint-Tropez-5744-scaled.jpg\">\n\t\t\t\t\t<img decoding=\"async\" class=\"spectra-image-gallery__media-thumbnail spectra-image-gallery__media-thumbnail--masonry\" src=\"https:\/\/ferme-empereur.fr\/wp-content\/uploads\/2025\/08\/Saint-Tropez-5744-scaled.jpg\" alt=\"Clocher du village de Ramatuelle vu depuis une ruelle\" \/>\n\t\t\t\t<\/picture>\n\t\t\t\t<div class=\"spectra-image-gallery__media-thumbnail-blurrer\"><\/div>\n\t\t\t\t\t\t\t\t\t\t\t<div class=\"spectra-image-gallery__media-thumbnail-caption-wrapper spectra-image-gallery__media-thumbnail-caption-wrapper--overlay\"><\/div>\n\t\t\t\t\t\t\t\t<\/div>\n\t\t\t\t\t\t<\/div>\n\t\t\t\t\t\t<\/div>\n\t\t\t\t\t\t<div class='spectra-image-gallery__media-wrapper--isotope'>\n\t\t\t\t\t\t\t<div class='spectra-image-gallery__media-wrapper' data-spectra-gallery-image-id='3007' tabindex=\"0\">\n\t\t\t\t\t\t\t<div class=\"spectra-image-gallery__media spectra-image-gallery__media--masonry\">\n\t\t\t\t<picture>\n\t\t\t\t\t<source media=\"(min-width: 1024px)\" srcset=\"https:\/\/ferme-empereur.fr\/wp-content\/uploads\/2025\/08\/Saint-Tropez-6135-scaled.jpg\">\n\t\t\t\t\t<source media=\"(min-width: 768px)\" srcset=\"https:\/\/ferme-empereur.fr\/wp-content\/uploads\/2025\/08\/Saint-Tropez-6135-scaled.jpg\">\n\t\t\t\t\t<img decoding=\"async\" class=\"spectra-image-gallery__media-thumbnail spectra-image-gallery__media-thumbnail--masonry\" src=\"https:\/\/ferme-empereur.fr\/wp-content\/uploads\/2025\/08\/Saint-Tropez-6135-scaled.jpg\" alt=\"Sentier c\u00f4tier du Cap Taillat bord\u00e9 de v\u00e9g\u00e9tation m\u00e9diterran\u00e9enne\" \/>\n\t\t\t\t<\/picture>\n\t\t\t\t<div class=\"spectra-image-gallery__media-thumbnail-blurrer\"><\/div>\n\t\t\t\t\t\t\t\t\t\t\t<div class=\"spectra-image-gallery__media-thumbnail-caption-wrapper spectra-image-gallery__media-thumbnail-caption-wrapper--overlay\"><\/div>\n\t\t\t\t\t\t\t\t<\/div>\n\t\t\t\t\t\t<\/div>\n\t\t\t\t\t\t<\/div>\n\t\t\t\t\t\t<div class='spectra-image-gallery__media-wrapper--isotope'>\n\t\t\t\t\t\t\t<div class='spectra-image-gallery__media-wrapper' data-spectra-gallery-image-id='3005' tabindex=\"0\">\n\t\t\t\t\t\t\t<div class=\"spectra-image-gallery__media spectra-image-gallery__media--masonry\">\n\t\t\t\t<picture>\n\t\t\t\t\t<source media=\"(min-width: 1024px)\" srcset=\"https:\/\/ferme-empereur.fr\/wp-content\/uploads\/2025\/08\/Saint-Tropez-6070-scaled.jpg\">\n\t\t\t\t\t<source media=\"(min-width: 768px)\" srcset=\"https:\/\/ferme-empereur.fr\/wp-content\/uploads\/2025\/08\/Saint-Tropez-6070-scaled.jpg\">\n\t\t\t\t\t<img decoding=\"async\" class=\"spectra-image-gallery__media-thumbnail spectra-image-gallery__media-thumbnail--masonry\" src=\"https:\/\/ferme-empereur.fr\/wp-content\/uploads\/2025\/08\/Saint-Tropez-6070-scaled.jpg\" alt=\"Voilier ancr\u00e9 dans les eaux turquoise au pied des falaises du Cap Taillat\" \/>\n\t\t\t\t<\/picture>\n\t\t\t\t<div class=\"spectra-image-gallery__media-thumbnail-blurrer\"><\/div>\n\t\t\t\t\t\t\t\t\t\t\t<div class=\"spectra-image-gallery__media-thumbnail-caption-wrapper spectra-image-gallery__media-thumbnail-caption-wrapper--overlay\"><\/div>\n\t\t\t\t\t\t\t\t<\/div>\n\t\t\t\t\t\t<\/div>\n\t\t\t\t\t\t<\/div>\n\t\t\t\t\t\t<div class='spectra-image-gallery__media-wrapper--isotope'>\n\t\t\t\t\t\t\t<div class='spectra-image-gallery__media-wrapper' data-spectra-gallery-image-id='3008' tabindex=\"0\">\n\t\t\t\t\t\t\t<div class=\"spectra-image-gallery__media spectra-image-gallery__media--masonry\">\n\t\t\t\t<picture>\n\t\t\t\t\t<source media=\"(min-width: 1024px)\" srcset=\"https:\/\/ferme-empereur.fr\/wp-content\/uploads\/2025\/08\/Saint-Tropez-6139-scaled.jpg\">\n\t\t\t\t\t<source media=\"(min-width: 768px)\" srcset=\"https:\/\/ferme-empereur.fr\/wp-content\/uploads\/2025\/08\/Saint-Tropez-6139-scaled.jpg\">\n\t\t\t\t\t<img decoding=\"async\" class=\"spectra-image-gallery__media-thumbnail spectra-image-gallery__media-thumbnail--masonry\" src=\"https:\/\/ferme-empereur.fr\/wp-content\/uploads\/2025\/08\/Saint-Tropez-6139-scaled.jpg\" alt=\"B\u00e2timent aux toits rouges au pied des collines rocheuses du Cap Taillat\" \/>\n\t\t\t\t<\/picture>\n\t\t\t\t<div class=\"spectra-image-gallery__media-thumbnail-blurrer\"><\/div>\n\t\t\t\t\t\t\t\t\t\t\t<div class=\"spectra-image-gallery__media-thumbnail-caption-wrapper spectra-image-gallery__media-thumbnail-caption-wrapper--overlay\"><\/div>\n\t\t\t\t\t\t\t\t<\/div>\n\t\t\t\t\t\t<\/div>\n\t\t\t\t\t\t<\/div>\n\t\t\t\t\t\t<div class='spectra-image-gallery__media-wrapper--isotope'>\n\t\t\t\t\t\t\t<div class='spectra-image-gallery__media-wrapper' data-spectra-gallery-image-id='2993' tabindex=\"0\">\n\t\t\t\t\t\t\t<div class=\"spectra-image-gallery__media spectra-image-gallery__media--masonry\">\n\t\t\t\t<picture>\n\t\t\t\t\t<source media=\"(min-width: 1024px)\" srcset=\"https:\/\/ferme-empereur.fr\/wp-content\/uploads\/2025\/08\/Saint-Tropez-5674-scaled.jpg\">\n\t\t\t\t\t<source media=\"(min-width: 768px)\" srcset=\"https:\/\/ferme-empereur.fr\/wp-content\/uploads\/2025\/08\/Saint-Tropez-5674-scaled.jpg\">\n\t\t\t\t\t<img decoding=\"async\" class=\"spectra-image-gallery__media-thumbnail spectra-image-gallery__media-thumbnail--masonry\" src=\"https:\/\/ferme-empereur.fr\/wp-content\/uploads\/2025\/08\/Saint-Tropez-5674-scaled.jpg\" alt=\"Vue panoramique du village de Ramatuelle avec son clocher et ses toits en tuiles\" \/>\n\t\t\t\t<\/picture>\n\t\t\t\t<div class=\"spectra-image-gallery__media-thumbnail-blurrer\"><\/div>\n\t\t\t\t\t\t\t\t\t\t\t<div class=\"spectra-image-gallery__media-thumbnail-caption-wrapper spectra-image-gallery__media-thumbnail-caption-wrapper--overlay\"><\/div>\n\t\t\t\t\t\t\t\t<\/div>\n\t\t\t\t\t\t<\/div>\n\t\t\t\t\t\t<\/div>\n\t\t\t\t\t\t<div class='spectra-image-gallery__media-wrapper--isotope'>\n\t\t\t\t\t\t\t<div class='spectra-image-gallery__media-wrapper' data-spectra-gallery-image-id='3001' tabindex=\"0\">\n\t\t\t\t\t\t\t<div class=\"spectra-image-gallery__media spectra-image-gallery__media--masonry\">\n\t\t\t\t<picture>\n\t\t\t\t\t<source media=\"(min-width: 1024px)\" srcset=\"https:\/\/ferme-empereur.fr\/wp-content\/uploads\/2025\/08\/Saint-Tropez-6042-scaled.jpg\">\n\t\t\t\t\t<source media=\"(min-width: 768px)\" srcset=\"https:\/\/ferme-empereur.fr\/wp-content\/uploads\/2025\/08\/Saint-Tropez-6042-scaled.jpg\">\n\t\t\t\t\t<img decoding=\"async\" class=\"spectra-image-gallery__media-thumbnail spectra-image-gallery__media-thumbnail--masonry\" src=\"https:\/\/ferme-empereur.fr\/wp-content\/uploads\/2025\/08\/Saint-Tropez-6042-scaled.jpg\" alt=\"Vue a\u00e9rienne de Saint-Tropez avec son clocher et la baie en arri\u00e8re-plan\" \/>\n\t\t\t\t<\/picture>\n\t\t\t\t<div class=\"spectra-image-gallery__media-thumbnail-blurrer\"><\/div>\n\t\t\t\t\t\t\t\t\t\t\t<div class=\"spectra-image-gallery__media-thumbnail-caption-wrapper spectra-image-gallery__media-thumbnail-caption-wrapper--overlay\"><\/div>\n\t\t\t\t\t\t\t\t<\/div>\n\t\t\t\t\t\t<\/div>\n\t\t\t\t\t\t<\/div>\n\t\t\t\t\t\t\t\t\t\t<\/div>\n\t\t\t\t\t\t\t\t\t\t\t\t\t\t\t\t\t\t<\/div>\n\t\t\t\t\t\t\t\t\t\t\t<div class='spectra-image-gallery__control-lightbox' tabindex='0'>\n\t\t\t\t\t\t\t\t\t\t\t<div class=\"swiper spectra-image-gallery__control-lightbox--main\" dir=\"\">\n\t\t\t\t\t<div class=\"swiper-wrapper\">\n\t\t\t\t\t\t\t\t\t\t\t\t\t\n\t\t\t\t\t\t\t<div class=\"swiper-slide\">\n\t\t\t\t\t\t\t\t<img class=\"swiper-lazy\" data-src=\"https:\/\/ferme-empereur.fr\/wp-content\/uploads\/2025\/08\/Saint-Tropez-5758-scaled.jpg\" alt=\"Clocher du village de Ramatuelle sous un ciel bleu\"\/>\n\t\t\t\t\t\t\t\t<div class=\"swiper-lazy-preloader swiper-lazy-preloader-white\"><\/div>\n\t\t\t\t\t\t\t\t\t\t\t\t\t\t\t<\/div>\n\t\t\t\t\t\t\t\t\t\t\t\t\t\n\t\t\t\t\t\t\t<div class=\"swiper-slide\">\n\t\t\t\t\t\t\t\t<img class=\"swiper-lazy\" data-src=\"https:\/\/ferme-empereur.fr\/wp-content\/uploads\/2025\/08\/Saint-Tropez-6078-scaled.jpg\" alt=\"Voilier naviguant en mer M\u00e9diterran\u00e9e au large de Ramatuelle\"\/>\n\t\t\t\t\t\t\t\t<div class=\"swiper-lazy-preloader swiper-lazy-preloader-white\"><\/div>\n\t\t\t\t\t\t\t\t\t\t\t\t\t\t\t<\/div>\n\t\t\t\t\t\t\t\t\t\t\t\t\t\n\t\t\t\t\t\t\t<div class=\"swiper-slide\">\n\t\t\t\t\t\t\t\t<img class=\"swiper-lazy\" data-src=\"https:\/\/ferme-empereur.fr\/wp-content\/uploads\/2025\/08\/Saint-Tropez-6062-scaled.jpg\" alt=\"Fleurs sauvages color\u00e9es du littoral m\u00e9diterran\u00e9en \u00e0 Ramatuelle\"\/>\n\t\t\t\t\t\t\t\t<div class=\"swiper-lazy-preloader swiper-lazy-preloader-white\"><\/div>\n\t\t\t\t\t\t\t\t\t\t\t\t\t\t\t<\/div>\n\t\t\t\t\t\t\t\t\t\t\t\t\t\n\t\t\t\t\t\t\t<div class=\"swiper-slide\">\n\t\t\t\t\t\t\t\t<img class=\"swiper-lazy\" data-src=\"https:\/\/ferme-empereur.fr\/wp-content\/uploads\/2025\/08\/Saint-Tropez-5795-scaled.jpg\" alt=\"Clocher embl\u00e9matique de Saint-Tropez vu depuis les toits du village\"\/>\n\t\t\t\t\t\t\t\t<div class=\"swiper-lazy-preloader swiper-lazy-preloader-white\"><\/div>\n\t\t\t\t\t\t\t\t\t\t\t\t\t\t\t<\/div>\n\t\t\t\t\t\t\t\t\t\t\t\t\t\n\t\t\t\t\t\t\t<div class=\"swiper-slide\">\n\t\t\t\t\t\t\t\t<img class=\"swiper-lazy\" data-src=\"https:\/\/ferme-empereur.fr\/wp-content\/uploads\/2025\/08\/Saint-Tropez-5744-scaled.jpg\" alt=\"Clocher du village de Ramatuelle vu depuis une ruelle\"\/>\n\t\t\t\t\t\t\t\t<div class=\"swiper-lazy-preloader swiper-lazy-preloader-white\"><\/div>\n\t\t\t\t\t\t\t\t\t\t\t\t\t\t\t<\/div>\n\t\t\t\t\t\t\t\t\t\t\t\t\t\n\t\t\t\t\t\t\t<div class=\"swiper-slide\">\n\t\t\t\t\t\t\t\t<img class=\"swiper-lazy\" data-src=\"https:\/\/ferme-empereur.fr\/wp-content\/uploads\/2025\/08\/Saint-Tropez-6135-scaled.jpg\" alt=\"Sentier c\u00f4tier du Cap Taillat bord\u00e9 de v\u00e9g\u00e9tation m\u00e9diterran\u00e9enne\"\/>\n\t\t\t\t\t\t\t\t<div class=\"swiper-lazy-preloader swiper-lazy-preloader-white\"><\/div>\n\t\t\t\t\t\t\t\t\t\t\t\t\t\t\t<\/div>\n\t\t\t\t\t\t\t\t\t\t\t\t\t\n\t\t\t\t\t\t\t<div class=\"swiper-slide\">\n\t\t\t\t\t\t\t\t<img class=\"swiper-lazy\" data-src=\"https:\/\/ferme-empereur.fr\/wp-content\/uploads\/2025\/08\/Saint-Tropez-6070-scaled.jpg\" alt=\"Voilier ancr\u00e9 dans les eaux turquoise au pied des falaises du Cap Taillat\"\/>\n\t\t\t\t\t\t\t\t<div class=\"swiper-lazy-preloader swiper-lazy-preloader-white\"><\/div>\n\t\t\t\t\t\t\t\t\t\t\t\t\t\t\t<\/div>\n\t\t\t\t\t\t\t\t\t\t\t\t\t\n\t\t\t\t\t\t\t<div class=\"swiper-slide\">\n\t\t\t\t\t\t\t\t<img class=\"swiper-lazy\" data-src=\"https:\/\/ferme-empereur.fr\/wp-content\/uploads\/2025\/08\/Saint-Tropez-6139-scaled.jpg\" alt=\"B\u00e2timent aux toits rouges au pied des collines rocheuses du Cap Taillat\"\/>\n\t\t\t\t\t\t\t\t<div class=\"swiper-lazy-preloader swiper-lazy-preloader-white\"><\/div>\n\t\t\t\t\t\t\t\t\t\t\t\t\t\t\t<\/div>\n\t\t\t\t\t\t\t\t\t\t\t\t\t\n\t\t\t\t\t\t\t<div class=\"swiper-slide\">\n\t\t\t\t\t\t\t\t<img class=\"swiper-lazy\" data-src=\"https:\/\/ferme-empereur.fr\/wp-content\/uploads\/2025\/08\/Saint-Tropez-5674-scaled.jpg\" alt=\"Vue panoramique du village de Ramatuelle avec son clocher et ses toits en tuiles\"\/>\n\t\t\t\t\t\t\t\t<div class=\"swiper-lazy-preloader swiper-lazy-preloader-white\"><\/div>\n\t\t\t\t\t\t\t\t\t\t\t\t\t\t\t<\/div>\n\t\t\t\t\t\t\t\t\t\t\t\t\t\n\t\t\t\t\t\t\t<div class=\"swiper-slide\">\n\t\t\t\t\t\t\t\t<img class=\"swiper-lazy\" data-src=\"https:\/\/ferme-empereur.fr\/wp-content\/uploads\/2025\/08\/Saint-Tropez-6042-scaled.jpg\" alt=\"Vue a\u00e9rienne de Saint-Tropez avec son clocher et la baie en arri\u00e8re-plan\"\/>\n\t\t\t\t\t\t\t\t<div class=\"swiper-lazy-preloader swiper-lazy-preloader-white\"><\/div>\n\t\t\t\t\t\t\t\t\t\t\t\t\t\t\t<\/div>\n\t\t\t\t\t\t\t\t\t\t\t<\/div>\n\t\t\t\t\t<div class=\"swiper-button-next\"><\/div>\n\t\t\t\t\t<div class=\"swiper-button-prev\"><\/div>\n\t\t\t\t<\/div>\t\t\t\n\t\t\t\t\t\t\t\t\t\t\t\t\t\t\t\t\t\t\t\t\t\t\t\t\t\t\t\t\t\t\t\t<button class='spectra-image-gallery__control-lightbox--close' aria-label=\"Close\">\n\t\t\t\t\t\t\t\t\t\t\t\t\t<svg xmlns=\"https:\/\/www.w3.org\/2000\/svg\" viewbox= \"0 0 320 512\"><path d=\"M310.6 361.4c12.5 12.5 12.5 32.75 0 45.25C304.4 412.9 296.2 416 288 416s-16.38-3.125-22.62-9.375L160 301.3L54.63 406.6C48.38 412.9 40.19 416 32 416S15.63 412.9 9.375 406.6c-12.5-12.5-12.5-32.75 0-45.25l105.4-105.4L9.375 150.6c-12.5-12.5-12.5-32.75 0-45.25s32.75-12.5 45.25 0L160 210.8l105.4-105.4c12.5-12.5 32.75-12.5 45.25 0s12.5 32.75 0 45.25l-105.4 105.4L310.6 361.4z\"><\/path><\/svg>\n\t\t\t\t\t\t\t\t\t\t\t\t<\/button>\n\t\t\t\t\t\t\t\t\t\t\t\t\t<\/div>\n\t\t\t\t\t\t\t\t\t<\/div>\n\n\n\n<div class=\"wp-block-uagb-container uagb-layout-flex uagb-block-9c91d4b3 alignfull uagb-is-root-container\"><div class=\"uagb-container-inner-blocks-wrap\">\n<div class=\"wp-block-uagb-container uagb-block-a5318fdb\">\n<div class=\"wp-block-uagb-image uagb-block-49d9f6eb wp-block-uagb-image--layout-default wp-block-uagb-image--effect-static wp-block-uagb-image--align-none\"><figure class=\"wp-block-uagb-image__figure\"><img loading=\"lazy\" decoding=\"async\" srcset=\"https:\/\/ferme-empereur.fr\/wp-content\/uploads\/2025\/08\/Saint-Tropez-5970-scaled.jpg ,https:\/\/ferme-empereur.fr\/wp-content\/uploads\/2025\/08\/Saint-Tropez-5970-scaled.jpg 780w, https:\/\/ferme-empereur.fr\/wp-content\/uploads\/2025\/08\/Saint-Tropez-5970-scaled.jpg 360w\" sizes=\"auto, (max-width: 480px) 150px\" src=\"https:\/\/ferme-empereur.fr\/wp-content\/uploads\/2025\/08\/Saint-Tropez-5970-scaled.jpg\" alt=\"\" class=\"uag-image-3000\" width=\"2560\" height=\"1708\" title=\"\" role=\"presentation\"\/><\/figure><\/div>\n<\/div>\n\n\n\n<div class=\"wp-block-uagb-container uagb-block-5be72e1a\">\n<div class=\"wp-block-uagb-advanced-heading uagb-block-04f19403\"><h3 class=\"uagb-heading-text\">Let yourself be intoxicated by the sun and the scents of Provence.<br><br>Ideally located between <a href=\"https:\/\/www.ramatuelle-tourisme.com\/fr\/decouvrir-la-presquile\/cote-village\/\" target=\"_blank\" rel=\"noopener\" title=\"\">Ramatuelle<\/a> and the Gulf of Saint-Tropez, La Ferme de l&#039;Empereur welcomes you in the heart of the Ramatuelle vineyards, facing the bay of <a href=\"https:\/\/www.ramatuelle.fr\/plages\/pampelonne\/\" target=\"_blank\" rel=\"noopener\" title=\"\">Pampelonne<\/a>.<\/h3><\/div>\n<\/div>\n<\/div><\/div>\n\n\n\n<div class=\"wp-block-uagb-container uagb-block-ca8a6cc4 alignfull uagb-is-root-container\"><div class=\"uagb-container-inner-blocks-wrap\">\n<div class=\"wp-block-uagb-container uagb-block-556fac98\">\n<div class=\"wp-block-uagb-advanced-heading uagb-block-afcd6814\"><h3 class=\"uagb-heading-text\">Our five charming apartments and our fully equipped seaside house offer you peace and relaxation, from spring to autumn.<br><br>Stay in an apartment in the heart of the vineyards or in a house right on the water, on Bonne Terrasse beach, a stone&#039;s throw from <a href=\"https:\/\/www.ramatuelle.fr\/plages\/pampelonne\/\" target=\"_blank\" rel=\"noopener\" title=\"\">Pampelonne<\/a> and of <a href=\"https:\/\/www.grimaud-provence.com\/offres\/plage-de-lescalet-ramatuelle-fr-3093968\/\" target=\"_blank\" rel=\"noopener\" title=\"\">Escalet<\/a>.<br><br>Everything is designed for your comfort and a most pleasant stay.<\/h3><\/div>\n<\/div>\n\n\n\n<div class=\"wp-block-uagb-container uagb-block-92e87aad\">\n<div class=\"wp-block-group is-nowrap is-layout-flex wp-container-core-group-is-layout-ad2f72ca wp-block-group-is-layout-flex\">\n<div class=\"wp-block-uagb-image uagb-block-d3443775 wp-block-uagb-image--layout-default wp-block-uagb-image--effect-static wp-block-uagb-image--align-none\"><figure class=\"wp-block-uagb-image__figure\"><img loading=\"lazy\" decoding=\"async\" srcset=\"https:\/\/ferme-empereur.fr\/wp-content\/uploads\/2025\/08\/Saint-Tropez-6066-1024x683.jpg ,https:\/\/ferme-empereur.fr\/wp-content\/uploads\/2025\/08\/Saint-Tropez-6066-scaled.jpg 780w, https:\/\/ferme-empereur.fr\/wp-content\/uploads\/2025\/08\/Saint-Tropez-6066-scaled.jpg 360w\" sizes=\"auto, (max-width: 480px) 150px\" src=\"https:\/\/ferme-empereur.fr\/wp-content\/uploads\/2025\/08\/Saint-Tropez-6066-1024x683.jpg\" alt=\"\" class=\"uag-image-3003\" width=\"1024\" height=\"683\" title=\"\" role=\"presentation\"\/><\/figure><\/div>\n<\/div>\n<\/div>\n<\/div><\/div>\n\n\n\n<div class=\"wp-block-uagb-container uagb-block-c91173d9 alignfull uagb-is-root-container\"><div class=\"uagb-container-inner-blocks-wrap\">\n<div class=\"wp-block-uagb-container uagb-block-7ca1205e\">\n<div class=\"wp-block-uagb-image uagb-block-f2cd742d wp-block-uagb-image--layout-default wp-block-uagb-image--effect-static wp-block-uagb-image--align-none\"><figure class=\"wp-block-uagb-image__figure\"><img loading=\"lazy\" decoding=\"async\" srcset=\"https:\/\/ferme-empereur.fr\/wp-content\/uploads\/2025\/08\/PIER2309-1-683x1024.jpg ,https:\/\/ferme-empereur.fr\/wp-content\/uploads\/2025\/08\/PIER2309-1.jpg 780w, https:\/\/ferme-empereur.fr\/wp-content\/uploads\/2025\/08\/PIER2309-1.jpg 360w\" sizes=\"auto, (max-width: 480px) 150px\" src=\"https:\/\/ferme-empereur.fr\/wp-content\/uploads\/2025\/08\/PIER2309-1-683x1024.jpg\" alt=\"\" class=\"uag-image-2990\" width=\"683\" height=\"1024\" title=\"\" role=\"presentation\"\/><\/figure><\/div>\n<\/div>\n\n\n\n<div class=\"wp-block-uagb-container uagb-block-8a0bbff6\">\n<div class=\"wp-block-uagb-advanced-heading uagb-block-67a3176b\"><h2 class=\"uagb-heading-text\"><strong>A family story\u2026<\/strong><\/h2><\/div>\n\n\n\n<div class=\"wp-block-uagb-advanced-heading uagb-block-77ee539f\"><h3 class=\"uagb-heading-text\">It all began with my great-great-grandfather, Tropez. During the war of 1870, while he was in Paris, he had a remarkable encounter: Napoleon III himself!<br><br>Upon his return to Ramatuelle, he continued to tell his anecdote, captivating the whole village.<br>Very quickly, he was nicknamed \u201cThe Emperor\u201d.<br><br>The nickname passed down through the generations, right up to my grandmother Germaine, who was affectionately called<br>\u201cthe Empress of Ramatuelle\u201d.<br><br>It is therefore quite natural that our house today bears the name La Ferme de l&#039;Empereur, in homage to this unique family history.<\/h3><\/div>\n<\/div>\n<\/div><\/div>\n\n\n\n<div class=\"wp-block-uagb-container uagb-block-9052a465 alignfull uagb-is-root-container\"><div class=\"uagb-container-inner-blocks-wrap\">\n<div class=\"wp-block-uagb-buttons uagb-buttons__outer-wrap uagb-btn__large-btn uagb-btn-tablet__default-btn uagb-btn-mobile__default-btn uagb-block-e806c25a\"><div class=\"uagb-buttons__wrap uagb-buttons-layout-wrap\">\n<div class=\"wp-block-uagb-buttons-child uagb-buttons__outer-wrap uagb-block-2ff6413e wp-block-button\"><div class=\"uagb-button__wrapper\"><a class=\"uagb-buttons-repeater wp-block-button__link\" aria-label=\"\" href=\"\/en\/contact\/\" rel=\"follow noopener\" target=\"_self\" role=\"button\"><div class=\"uagb-button__link\">Contact Us<\/div><\/a><\/div><\/div>\n<\/div><\/div>\n<\/div><\/div>","protected":false},"excerpt":{"rendered":"<p>Bienvenue \u00e0 la Ferme de l&rsquo;Empereur Pour un s\u00e9jour de charme \u00e0 Ramatuelle Laissez-vous enivrer par le soleil et les senteurs proven\u00e7ales. Id\u00e9alement situ\u00e9e entre Ramatuelle et le golfe de Saint-Tropez, La Ferme de l\u2019Empereur vous accueille au c\u0153ur du vignoble ramatuellois, face \u00e0 la baie de Pampelonne. Nos cinq appartements de charme et notre&#8230;<\/p>","protected":false},"author":1,"featured_media":0,"parent":0,"menu_order":0,"comment_status":"closed","ping_status":"closed","template":"","meta":{"_uag_custom_page_level_css":"","_kad_post_transparent":"disable","_kad_post_title":"hide","_kad_post_layout":"","_kad_post_sidebar_id":"","_kad_post_content_style":"unboxed","_kad_post_vertical_padding":"hide","_kad_post_feature":"","_kad_post_feature_position":"","_kad_post_header":false,"_kad_post_footer":false,"footnotes":""},"class_list":["post-3033","page","type-page","status-publish","hentry"],"aioseo_notices":[],"uagb_featured_image_src":{"full":false,"thumbnail":false,"medium":false,"medium_large":false,"large":false,"1536x1536":false,"2048x2048":false,"trp-custom-language-flag":false},"uagb_author_info":{"display_name":"imaegiss@gmail.com","author_link":"https:\/\/ferme-empereur.fr\/en\/author\/imaegissgmail-com\/"},"uagb_comment_info":0,"uagb_excerpt":"Bienvenue \u00e0 la Ferme de l&rsquo;Empereur Pour un s\u00e9jour de charme \u00e0 Ramatuelle Laissez-vous enivrer par le soleil et les senteurs proven\u00e7ales. Id\u00e9alement situ\u00e9e entre Ramatuelle et le golfe de Saint-Tropez, La Ferme de l\u2019Empereur vous accueille au c\u0153ur du vignoble ramatuellois, face \u00e0 la baie de Pampelonne. Nos cinq appartements de charme et notre...","_links":{"self":[{"href":"https:\/\/ferme-empereur.fr\/en\/wp-json\/wp\/v2\/pages\/3033","targetHints":{"allow":["GET"]}}],"collection":[{"href":"https:\/\/ferme-empereur.fr\/en\/wp-json\/wp\/v2\/pages"}],"about":[{"href":"https:\/\/ferme-empereur.fr\/en\/wp-json\/wp\/v2\/types\/page"}],"author":[{"embeddable":true,"href":"https:\/\/ferme-empereur.fr\/en\/wp-json\/wp\/v2\/users\/1"}],"replies":[{"embeddable":true,"href":"https:\/\/ferme-empereur.fr\/en\/wp-json\/wp\/v2\/comments?post=3033"}],"version-history":[{"count":86,"href":"https:\/\/ferme-empereur.fr\/en\/wp-json\/wp\/v2\/pages\/3033\/revisions"}],"predecessor-version":[{"id":3881,"href":"https:\/\/ferme-empereur.fr\/en\/wp-json\/wp\/v2\/pages\/3033\/revisions\/3881"}],"wp:attachment":[{"href":"https:\/\/ferme-empereur.fr\/en\/wp-json\/wp\/v2\/media?parent=3033"}],"curies":[{"name":"wp","href":"https:\/\/api.w.org\/{rel}","templated":true}]}}