{"id":3037,"date":"2025-08-05T18:54:45","date_gmt":"2025-08-05T18:54:45","guid":{"rendered":"https:\/\/ferme-empereur.fr\/?page_id=3037"},"modified":"2025-08-13T18:41:17","modified_gmt":"2025-08-13T16:41:17","slug":"nos-appartements","status":"publish","type":"page","link":"https:\/\/ferme-empereur.fr\/fr\/nos-appartements\/","title":{"rendered":"Nos appartements \u2013 S\u00e9jour unique en Provence"},"content":{"rendered":"\n<div class=\"wp-block-uagb-container uagb-block-c3a6b462 alignfull uagb-is-root-container\"><div class=\"uagb-container-inner-blocks-wrap\">\n<div class=\"wp-block-uagb-advanced-heading uagb-block-490bca00\"><h1 class=\"uagb-heading-text\">Nos Appartements<\/h1><\/div>\n<\/div><\/div>\n\n\n\n<div class=\"wp-block-uagb-container uagb-block-a48355e9 alignfull uagb-is-root-container\"><div class=\"uagb-container-inner-blocks-wrap\">\n<div class=\"wp-block-uagb-container uagb-block-a072c1e2\">\n<div class=\"wp-block-uagb-image uagb-block-a9e25f36 wp-block-uagb-image--layout-default wp-block-uagb-image--effect-static wp-block-uagb-image--align-none\"><figure class=\"wp-block-uagb-image__figure\"><img decoding=\"async\" srcset=\"https:\/\/ferme-empereur.fr\/wp-content\/uploads\/2025\/08\/PIER9019-HDR-edited-1024x768.jpg ,https:\/\/ferme-empereur.fr\/wp-content\/uploads\/2025\/08\/PIER9019-HDR-edited.jpg 780w, https:\/\/ferme-empereur.fr\/wp-content\/uploads\/2025\/08\/PIER9019-HDR-edited.jpg 360w\" sizes=\"auto, (max-width: 480px) 150px\" src=\"https:\/\/ferme-empereur.fr\/wp-content\/uploads\/2025\/08\/PIER9019-HDR-edited-1024x768.jpg\" alt=\"Chambre lumineuse avec lit double, vue mer depuis la fen\u00eatre.\" class=\"uag-image-3205\" width=\"1024\" height=\"768\" title=\"Chambre avec vue sur la mer. \" loading=\"lazy\" role=\"img\"\/><\/figure><\/div>\n<\/div>\n\n\n\n<div class=\"wp-block-uagb-container uagb-block-fec5a5d9\">\n<div class=\"wp-block-uagb-advanced-heading uagb-block-01251f79\"><h1 class=\"uagb-heading-text\">Bonne Terrasse<\/h1><\/div>\n\n\n\n<div class=\"wp-block-uagb-advanced-heading uagb-block-e45f2451\"><h3 class=\"uagb-heading-text\">Id\u00e9alement situ\u00e9 face au phare de Camarat, cet appartement en bord de mer se trouve \u00e0 seulement 10 m\u00e8tres de l\u2019eau.<br><br>Il comprend deux chambres, un salon chaleureux avec chemin\u00e9e et une cuisine enti\u00e8rement \u00e9quip\u00e9e. Gr\u00e2ce \u00e0 sa terrasse offrant une vue exceptionnelle, vous profiterez de chaque instant dans un d\u00e9cor unique.<\/h3><\/div>\n\n\n\n<div class=\"wp-block-uagb-buttons uagb-buttons__outer-wrap uagb-btn__default-btn uagb-btn-tablet__default-btn uagb-btn-mobile__default-btn uagb-block-86fa85d4\"><div class=\"uagb-buttons__wrap uagb-buttons-layout-wrap \">\n<div class=\"wp-block-uagb-buttons-child uagb-buttons__outer-wrap uagb-block-abc9521f wp-block-button\"><div class=\"uagb-button__wrapper\"><a class=\"uagb-buttons-repeater wp-block-button__link\" aria-label=\"\" href=\"\/bonne-terrasse\" rel=\"follow noopener\" target=\"_self\" role=\"button\"><div class=\"uagb-button__link\">Visiter<\/div><\/a><\/div><\/div>\n<\/div><\/div>\n<\/div>\n<\/div><\/div>\n\n\n\n<div class=\"wp-block-uagb-container uagb-block-5157ac82 alignfull uagb-is-root-container\"><div class=\"uagb-container-inner-blocks-wrap\">\n<div class=\"wp-block-uagb-container uagb-block-b9b59959\">\n<div class=\"wp-block-uagb-advanced-heading uagb-block-25f3fad2\"><h1 class=\"uagb-heading-text\">L&rsquo;Atelier<\/h1><\/div>\n\n\n\n<div class=\"wp-block-uagb-advanced-heading uagb-block-c3acbb20\"><h3 class=\"uagb-heading-text\">Cet appartement cosy de 35 m\u00b2, parfait pour deux personnes, offre une chambre climatis\u00e9e et une cuisine ouverte enti\u00e8rement \u00e9quip\u00e9e. <br><br>De plus, sa terrasse ombrag\u00e9e sous une pergola de glycine m\u00e8ne directement \u00e0 un jardin priv\u00e9 avec bains de soleil, id\u00e9al pour se d\u00e9tendre et profiter pleinement du calme environnant.<\/h3><\/div>\n\n\n\n<div class=\"wp-block-uagb-buttons uagb-buttons__outer-wrap uagb-btn__default-btn uagb-btn-tablet__default-btn uagb-btn-mobile__default-btn uagb-block-8dd8ef4f\"><div class=\"uagb-buttons__wrap uagb-buttons-layout-wrap \">\n<div class=\"wp-block-uagb-buttons-child uagb-buttons__outer-wrap uagb-block-6bd7d0ed wp-block-button\"><div class=\"uagb-button__wrapper\"><a class=\"uagb-buttons-repeater wp-block-button__link\" aria-label=\"\" href=\"\/latelier\" rel=\"follow noopener\" target=\"_self\" role=\"button\"><div class=\"uagb-button__link\">Visiter<\/div><\/a><\/div><\/div>\n<\/div><\/div>\n<\/div>\n\n\n\n<div class=\"wp-block-uagb-container uagb-block-1cda4660\">\n<div class=\"wp-block-uagb-image uagb-block-4e1c0517 wp-block-uagb-image--layout-default wp-block-uagb-image--effect-static wp-block-uagb-image--align-none\"><figure class=\"wp-block-uagb-image__figure\"><img decoding=\"async\" srcset=\"https:\/\/ferme-empereur.fr\/wp-content\/uploads\/2025\/08\/721126bf_original-edited-1024x768.avif ,https:\/\/ferme-empereur.fr\/wp-content\/uploads\/2025\/08\/721126bf_original-edited.avif 780w, https:\/\/ferme-empereur.fr\/wp-content\/uploads\/2025\/08\/721126bf_original-edited.avif 360w\" sizes=\"auto, (max-width: 480px) 150px\" src=\"https:\/\/ferme-empereur.fr\/wp-content\/uploads\/2025\/08\/721126bf_original-edited-1024x768.avif\" alt=\"Salon lumineux avec canap\u00e9 gris, table basse blanche et acc\u00e8s cuisine.\" class=\"uag-image-3470\" width=\"1024\" height=\"768\" title=\"Salon convivial avec acc\u00e8s \u00e0 la cuisine.\" loading=\"lazy\" role=\"img\"\/><\/figure><\/div>\n<\/div>\n<\/div><\/div>\n\n\n\n<div class=\"wp-block-uagb-container uagb-block-3d8b1954 alignfull uagb-is-root-container\"><div class=\"uagb-container-inner-blocks-wrap\">\n<div class=\"wp-block-uagb-container uagb-block-edca68fb\">\n<div class=\"wp-block-uagb-image uagb-block-8803eca5 wp-block-uagb-image--layout-default wp-block-uagb-image--effect-static wp-block-uagb-image--align-none\"><figure class=\"wp-block-uagb-image__figure\"><img decoding=\"async\" srcset=\"https:\/\/ferme-empereur.fr\/wp-content\/uploads\/2025\/08\/PIER9116-HDR-edited-1024x768.jpg ,https:\/\/ferme-empereur.fr\/wp-content\/uploads\/2025\/08\/PIER9116-HDR-edited.jpg 780w, https:\/\/ferme-empereur.fr\/wp-content\/uploads\/2025\/08\/PIER9116-HDR-edited.jpg 360w\" sizes=\"auto, (max-width: 480px) 150px\" src=\"https:\/\/ferme-empereur.fr\/wp-content\/uploads\/2025\/08\/PIER9116-HDR-edited-1024x768.jpg\" alt=\"Chambre lumineuse avec lit double, linge de lit soign\u00e9 et fen\u00eatre ouverte sur l\u2019ext\u00e9rieur.\" class=\"uag-image-3204\" width=\"1024\" height=\"768\" title=\"Chambre double lumineuse et accueillante.\" loading=\"lazy\" role=\"img\"\/><\/figure><\/div>\n<\/div>\n\n\n\n<div class=\"wp-block-uagb-container uagb-block-dba38b1e\">\n<div class=\"wp-block-uagb-advanced-heading uagb-block-18e860fb\"><h1 class=\"uagb-heading-text\">Sur les Cuves<\/h1><\/div>\n\n\n\n<div class=\"wp-block-uagb-advanced-heading uagb-block-cbba0bef\"><h3 class=\"uagb-heading-text\">Situ\u00e9 \u00e0 l\u2019\u00e9tage, cet appartement de 70 m\u00b2 se niche au c\u0153ur des vignes et des pins parasols. Il comprend deux chambres climatis\u00e9es, un salon convivial et une cuisine enti\u00e8rement \u00e9quip\u00e9e. <br><br>De plus, une grande terrasse ombrag\u00e9e par une glycine centenaire invite \u00e0 savourer des repas d\u2019\u00e9t\u00e9 en toute tranquillit\u00e9.<\/h3><\/div>\n\n\n\n<div class=\"wp-block-uagb-buttons uagb-buttons__outer-wrap uagb-btn__default-btn uagb-btn-tablet__default-btn uagb-btn-mobile__default-btn uagb-block-83ecc07e\"><div class=\"uagb-buttons__wrap uagb-buttons-layout-wrap \">\n<div class=\"wp-block-uagb-buttons-child uagb-buttons__outer-wrap uagb-block-dc96315b wp-block-button\"><div class=\"uagb-button__wrapper\"><a class=\"uagb-buttons-repeater wp-block-button__link\" aria-label=\"\" href=\"\/sur-les-cuves\" rel=\"follow noopener\" target=\"_self\" role=\"button\"><div class=\"uagb-button__link\">Visiter<\/div><\/a><\/div><\/div>\n<\/div><\/div>\n<\/div>\n<\/div><\/div>\n\n\n\n<div class=\"wp-block-uagb-container uagb-block-9a9397b3 alignfull uagb-is-root-container\"><div class=\"uagb-container-inner-blocks-wrap\">\n<div class=\"wp-block-uagb-container uagb-block-8a7240d2\">\n<div class=\"wp-block-uagb-advanced-heading uagb-block-ed223182\"><h1 class=\"uagb-heading-text\">Chez M\u00e9m\u00e9<\/h1><\/div>\n\n\n\n<div class=\"wp-block-uagb-advanced-heading uagb-block-8e0122b6\"><h3 class=\"uagb-heading-text\">Spacieux et lumineux, cet appartement de 90 m\u00b2 peut accueillir jusqu\u2019\u00e0 six personnes, ce qui en fait un choix id\u00e9al pour les familles ou les s\u00e9jours entre amis. <br><br>Il dispose de trois grandes chambres, de deux salles de bain et d\u2019un balcon ombrag\u00e9. Ainsi, vous pourrez partager vos repas en plein air tout en profitant d\u2019un cadre paisible.<\/h3><\/div>\n\n\n\n<div class=\"wp-block-uagb-buttons uagb-buttons__outer-wrap uagb-btn__default-btn uagb-btn-tablet__default-btn uagb-btn-mobile__default-btn uagb-block-77abda96\"><div class=\"uagb-buttons__wrap uagb-buttons-layout-wrap \">\n<div class=\"wp-block-uagb-buttons-child uagb-buttons__outer-wrap uagb-block-6d5c4419 wp-block-button\"><div class=\"uagb-button__wrapper\"><a class=\"uagb-buttons-repeater wp-block-button__link\" aria-label=\"\" href=\"\/chez-meme\" rel=\"follow noopener\" target=\"_self\" role=\"button\"><div class=\"uagb-button__link\">Visiter<\/div><\/a><\/div><\/div>\n<\/div><\/div>\n<\/div>\n\n\n\n<div class=\"wp-block-uagb-container uagb-block-b181b6fa\">\n<div class=\"wp-block-uagb-image uagb-block-6f4dfffc wp-block-uagb-image--layout-default wp-block-uagb-image--effect-static wp-block-uagb-image--align-none\"><figure class=\"wp-block-uagb-image__figure\"><img decoding=\"async\" srcset=\"https:\/\/ferme-empereur.fr\/wp-content\/uploads\/2025\/08\/PIER9593-HDR-edited-1024x768.jpg ,https:\/\/ferme-empereur.fr\/wp-content\/uploads\/2025\/08\/PIER9593-HDR-edited.jpg 780w, https:\/\/ferme-empereur.fr\/wp-content\/uploads\/2025\/08\/PIER9593-HDR-edited.jpg 360w\" sizes=\"auto, (max-width: 480px) 150px\" src=\"https:\/\/ferme-empereur.fr\/wp-content\/uploads\/2025\/08\/PIER9593-HDR-edited-1024x768.jpg\" alt=\"Chambre double lumineuse avec lit en bois, climatisation et d\u00e9coration chaleureuse \u00e0 La Ferme de l\u2019Empereur en Provence\" class=\"uag-image-3842\" width=\"1024\" height=\"768\" title=\"chambre-double-confort-provence-ramatuelle.jpg\" loading=\"lazy\" role=\"img\"\/><\/figure><\/div>\n<\/div>\n<\/div><\/div>\n\n\n\n<div class=\"wp-block-uagb-container uagb-block-e33f91ea alignfull uagb-is-root-container\"><div class=\"uagb-container-inner-blocks-wrap\">\n<div class=\"wp-block-uagb-container uagb-block-85e69fee\">\n<div class=\"wp-block-uagb-image uagb-block-87b69e67 wp-block-uagb-image--layout-default wp-block-uagb-image--effect-static wp-block-uagb-image--align-none\"><figure class=\"wp-block-uagb-image__figure\"><img decoding=\"async\" srcset=\"https:\/\/ferme-empereur.fr\/wp-content\/uploads\/2025\/08\/Saint-Tropez-9587-edited-1024x768.jpg ,https:\/\/ferme-empereur.fr\/wp-content\/uploads\/2025\/08\/Saint-Tropez-9587-edited.jpg 780w, https:\/\/ferme-empereur.fr\/wp-content\/uploads\/2025\/08\/Saint-Tropez-9587-edited.jpg 360w\" sizes=\"auto, (max-width: 480px) 150px\" src=\"https:\/\/ferme-empereur.fr\/wp-content\/uploads\/2025\/08\/Saint-Tropez-9587-edited-1024x768.jpg\" alt=\"Terrasse ensoleill\u00e9e avec pergola couverte de glycines violettes et volets bleus.\" class=\"uag-image-3473\" width=\"1024\" height=\"768\" title=\"Terrasse fleurie sous pergola de glycines.\" loading=\"lazy\" role=\"img\"\/><\/figure><\/div>\n<\/div>\n\n\n\n<div class=\"wp-block-uagb-container uagb-block-b6f67805\">\n<div class=\"wp-block-uagb-advanced-heading uagb-block-6fa27988\"><h1 class=\"uagb-heading-text\">Le Poulailler<\/h1><\/div>\n\n\n\n<div class=\"wp-block-uagb-advanced-heading uagb-block-137f8db2\"><h3 class=\"uagb-heading-text\">Avec ses 50 m\u00b2 bien agenc\u00e9s, cet appartement pour quatre personnes offre deux chambres, chacune dot\u00e9e de sa salle d\u2019eau privative. <br><br>Son espace de vie climatis\u00e9 s\u2019ouvre sur une terrasse ombrag\u00e9e sous glycine, parfaite pour partager des repas ou se reposer apr\u00e8s une journ\u00e9e de d\u00e9couvertes.<\/h3><\/div>\n\n\n\n<div class=\"wp-block-uagb-buttons uagb-buttons__outer-wrap uagb-btn__default-btn uagb-btn-tablet__default-btn uagb-btn-mobile__default-btn uagb-block-90ba2a6e\"><div class=\"uagb-buttons__wrap uagb-buttons-layout-wrap \">\n<div class=\"wp-block-uagb-buttons-child uagb-buttons__outer-wrap uagb-block-86adfed2 wp-block-button\"><div class=\"uagb-button__wrapper\"><a class=\"uagb-buttons-repeater wp-block-button__link\" aria-label=\"\" href=\"\/le-poulailler\" rel=\"follow noopener\" target=\"_self\" role=\"button\"><div class=\"uagb-button__link\">Visiter<\/div><\/a><\/div><\/div>\n<\/div><\/div>\n<\/div>\n<\/div><\/div>\n\n\n\n<p><\/p>\n","protected":false},"excerpt":{"rendered":"<p>Nos Appartements Bonne Terrasse Id\u00e9alement situ\u00e9 face au phare de Camarat, cet appartement en bord de mer se trouve \u00e0 seulement 10 m\u00e8tres de l\u2019eau. Il comprend deux chambres, un salon chaleureux avec chemin\u00e9e et une cuisine enti\u00e8rement \u00e9quip\u00e9e. Gr\u00e2ce \u00e0 sa terrasse offrant une vue exceptionnelle, vous profiterez de chaque instant dans un d\u00e9cor&#8230;<\/p>\n","protected":false},"author":1,"featured_media":0,"parent":0,"menu_order":0,"comment_status":"closed","ping_status":"closed","template":"","meta":{"_uag_custom_page_level_css":"","_kad_post_transparent":"disable","_kad_post_title":"hide","_kad_post_layout":"","_kad_post_sidebar_id":"","_kad_post_content_style":"unboxed","_kad_post_vertical_padding":"hide","_kad_post_feature":"hide","_kad_post_feature_position":"","_kad_post_header":false,"_kad_post_footer":false,"footnotes":""},"class_list":["post-3037","page","type-page","status-publish","hentry"],"aioseo_notices":[],"uagb_featured_image_src":{"full":false,"thumbnail":false,"medium":false,"medium_large":false,"large":false,"1536x1536":false,"2048x2048":false,"trp-custom-language-flag":false},"uagb_author_info":{"display_name":"imaegiss@gmail.com","author_link":"https:\/\/ferme-empereur.fr\/fr\/author\/imaegissgmail-com\/"},"uagb_comment_info":0,"uagb_excerpt":"Nos Appartements Bonne Terrasse Id\u00e9alement situ\u00e9 face au phare de Camarat, cet appartement en bord de mer se trouve \u00e0 seulement 10 m\u00e8tres de l\u2019eau. Il comprend deux chambres, un salon chaleureux avec chemin\u00e9e et une cuisine enti\u00e8rement \u00e9quip\u00e9e. Gr\u00e2ce \u00e0 sa terrasse offrant une vue exceptionnelle, vous profiterez de chaque instant dans un d\u00e9cor...","_links":{"self":[{"href":"https:\/\/ferme-empereur.fr\/fr\/wp-json\/wp\/v2\/pages\/3037","targetHints":{"allow":["GET"]}}],"collection":[{"href":"https:\/\/ferme-empereur.fr\/fr\/wp-json\/wp\/v2\/pages"}],"about":[{"href":"https:\/\/ferme-empereur.fr\/fr\/wp-json\/wp\/v2\/types\/page"}],"author":[{"embeddable":true,"href":"https:\/\/ferme-empereur.fr\/fr\/wp-json\/wp\/v2\/users\/1"}],"replies":[{"embeddable":true,"href":"https:\/\/ferme-empereur.fr\/fr\/wp-json\/wp\/v2\/comments?post=3037"}],"version-history":[{"count":30,"href":"https:\/\/ferme-empereur.fr\/fr\/wp-json\/wp\/v2\/pages\/3037\/revisions"}],"predecessor-version":[{"id":3848,"href":"https:\/\/ferme-empereur.fr\/fr\/wp-json\/wp\/v2\/pages\/3037\/revisions\/3848"}],"wp:attachment":[{"href":"https:\/\/ferme-empereur.fr\/fr\/wp-json\/wp\/v2\/media?parent=3037"}],"curies":[{"name":"wp","href":"https:\/\/api.w.org\/{rel}","templated":true}]}}